{"id":366,"date":"2025-12-21T14:37:24","date_gmt":"2025-12-21T13:37:24","guid":{"rendered":"https:\/\/www.elstnerlaw.at\/?page_id=366"},"modified":"2026-01-06T11:27:45","modified_gmt":"2026-01-06T10:27:45","slug":"about-me","status":"publish","type":"page","link":"https:\/\/www.elstnerlaw.at\/en\/about-me\/","title":{"rendered":"About Me"},"content":{"rendered":"<div data-elementor-type=\"wp-page\" data-elementor-id=\"366\" class=\"elementor elementor-366\" data-elementor-post-type=\"page\">\n\t\t\t\t<div class=\"elementor-element elementor-element-3b99307 e-flex e-con-boxed e-con e-parent\" data-id=\"3b99307\" data-element_type=\"container\" data-e-type=\"container\" data-settings=\"{&quot;background_background&quot;:&quot;classic&quot;}\">\n\t\t\t\t\t<div class=\"e-con-inner\">\n\t\t\t\t<div class=\"elementor-element elementor-element-64729e8 elementor-invisible elementor-widget elementor-widget-heading\" data-id=\"64729e8\" data-element_type=\"widget\" data-e-type=\"widget\" data-settings=\"{&quot;_animation&quot;:&quot;fadeInUp&quot;,&quot;_animation_widescreen&quot;:&quot;fadeInUp&quot;}\" data-widget_type=\"heading.default\">\n\t\t\t\t\t<h1 class=\"elementor-heading-title elementor-size-default\">Mag. Felix Elstner \u2013 Attorney-at-law and Criminal Defence Lawyer<\/h1>\t\t\t\t<\/div>\n\t\t\t\t<div class=\"elementor-element elementor-element-60dfe45 elementor-invisible elementor-widget elementor-widget-text-editor\" data-id=\"60dfe45\" data-element_type=\"widget\" data-e-type=\"widget\" data-settings=\"{&quot;_animation&quot;:&quot;fadeIn&quot;,&quot;_animation_widescreen&quot;:&quot;fadeInUp&quot;}\" data-widget_type=\"text-editor.default\">\n\t\t\t\t\t\t\t\t\t<p class=\"translation-block\">I advise and represent <strong>private individuals and companies<\/strong> in situations in which swift decisions, clean file work and a clear line are required. Through my <strong>work in renowned law firms and in the judiciary<\/strong>, I am very familiar with court procedures and procedural requirements.<\/p><p class=\"translation-block\">I work with a focus on <strong>criminal defence and victim representation, in civil litigation and commercial-law disputes, in asylum and immigration law, in media law and media criminal law, in administrative penal law, in official liability law, as well as in family law<\/strong>, and place value on structured communication and advice with a sense of proportion. I am predominantly active in Vienna and Lower Austria; in selected cases I also represent throughout Austria.<\/p>\t\t\t\t\t\t\t\t<\/div>\n\t\t<div class=\"elementor-element elementor-element-46b56ee e-con-full e-flex e-con e-child\" data-id=\"46b56ee\" data-element_type=\"container\" data-e-type=\"container\">\n\t\t<div class=\"elementor-element elementor-element-4121b07 e-con-full e-flex e-con e-child\" data-id=\"4121b07\" data-element_type=\"container\" data-e-type=\"container\">\n\t\t<div class=\"elementor-element elementor-element-907a7de e-con-full e-flex e-con e-child\" data-id=\"907a7de\" data-element_type=\"container\" data-e-type=\"container\">\n\t\t<div class=\"elementor-element elementor-element-6d41f7d e-con-full e-flex e-con e-child\" data-id=\"6d41f7d\" data-element_type=\"container\" data-e-type=\"container\">\n\t\t\t\t<div class=\"elementor-element elementor-element-5f32f9c elementor-invisible elementor-widget elementor-widget-heading\" data-id=\"5f32f9c\" data-element_type=\"widget\" data-e-type=\"widget\" data-settings=\"{&quot;_animation&quot;:&quot;fadeInUp&quot;,&quot;_animation_widescreen&quot;:&quot;fadeInDown&quot;}\" data-widget_type=\"heading.default\">\n\t\t\t\t\t<h2 class=\"elementor-heading-title elementor-size-default\">Career (chronology)<\/h2>\t\t\t\t<\/div>\n\t\t\t\t<div class=\"elementor-element elementor-element-cf66e2a elementor-widget elementor-widget-timeline-widget-addon\" data-id=\"cf66e2a\" data-element_type=\"widget\" data-e-type=\"widget\" data-widget_type=\"timeline-widget-addon.default\">\n\t\t\t\t<div class=\"elementor-widget-container\">\n\t\t\t\t\t<!-- ========= Timeline Widget Addon For Elementor 1.6.18 ========= -->\n<div id=\"twae-wrapper-cf66e2a\" class=\"twae-vertical twae-wrapper  twae-both-sided\">   \n    <div class=\"twae-start\"><\/div>    \n    <div id=\"twea-timeline-cf66e2a\" class=\"twae-timeline\" ><!-- Start of Story Repeater Content --><div id=\"story-21d6930\" class=\"twae-story twae-repeater-item twae-story-right twae-story-no-icon\"><!-- Story Icon --><div class=\"twae-icon\"><i aria-hidden=\"true\" class=\"far fa-clock\"><\/i><\/div><!-- Story Arrow --><div class=\"twae-arrow\"><\/div><!-- Start of Story Content --><div class=\"twae-content\"><!-- Story Title --><div class=\"twae-title\">08\/2020 - 02\/2021<\/div><!-- Story Description --><div class=\"twae-description\"><p>Law Office Mag. Christoff Beck (adult representation, criminal law, civil law)<\/p><\/div><\/div><\/div><!-- Start of Story Repeater Content --><div id=\"story-eb48214\" class=\"twae-story twae-repeater-item twae-story-left twae-story-no-icon\"><!-- Story Icon --><div class=\"twae-icon\"><i aria-hidden=\"true\" class=\"far fa-clock\"><\/i><\/div><!-- Story Arrow --><div class=\"twae-arrow\"><\/div><!-- Start of Story Content --><div class=\"twae-content\"><!-- Story Title --><div class=\"twae-title\">2021 - 2022<\/div><!-- Story Description --><div class=\"twae-description\"><p>Practice within the judiciary (district courts, Vienna Regional Criminal Court, Commercial Court &amp; Public Prosecutor\u2019s Office Wiener Neustadt)<\/p><\/div><\/div><\/div><!-- Start of Story Repeater Content --><div id=\"story-28186c6\" class=\"twae-story twae-repeater-item twae-story-right twae-story-no-icon\"><!-- Story Icon --><div class=\"twae-icon\"><i aria-hidden=\"true\" class=\"far fa-clock\"><\/i><\/div><!-- Story Arrow --><div class=\"twae-arrow\"><\/div><!-- Start of Story Content --><div class=\"twae-content\"><!-- Story Title --><div class=\"twae-title\">09\/2022 - 09\/2023<\/div><!-- Story Description --><div class=\"twae-description\"><p>Wess, Kux, Kispert &amp; Eckert Rechtsanwalts-GmbH (wkk law) (corruption and white-collar criminal law; compliance)<\/p><\/div><\/div><\/div><!-- Start of Story Repeater Content --><div id=\"story-ed57aa2\" class=\"twae-story twae-repeater-item twae-story-left twae-story-no-icon\"><!-- Story Icon --><div class=\"twae-icon\"><i aria-hidden=\"true\" class=\"far fa-clock\"><\/i><\/div><!-- Story Arrow --><div class=\"twae-arrow\"><\/div><!-- Start of Story Content --><div class=\"twae-content\"><!-- Story Title --><div class=\"twae-title\">10\/2023 - 12\/2025 <\/div><!-- Story Description --><div class=\"twae-description\"><p>Attorney-at-law Mag. Mathias Burger (core criminal law, commercial &amp; civil law; immigration\/asylum law; administrative penal law)<\/p><\/div><\/div><\/div><!-- Start of Story Repeater Content --><div id=\"story-bfd20a3\" class=\"twae-story twae-repeater-item twae-story-right twae-story-no-icon\"><!-- Story Icon --><div class=\"twae-icon\"><i aria-hidden=\"true\" class=\"far fa-clock\"><\/i><\/div><!-- Story Arrow --><div class=\"twae-arrow\"><\/div><!-- Start of Story Content --><div class=\"twae-content\"><!-- Story Title --><div class=\"twae-title\">since 01\/2026<\/div><!-- Story Description --><div class=\"twae-description\"><p>self-employed attorney-at-law<\/p><\/div><\/div><\/div><\/div>\n    <div class=\"twae-end\"><\/div>\n    <\/div><style type=\"text\/css\">@media (max-width: 1024px){ .twae-wrapper{--tw-ybx-size: 80px !important;}}@media (max-width: 767px){ .twae-wrapper{--tw-ybx-size: 80px !important}}<\/style>\t\t\t\t<\/div>\n\t\t\t\t<\/div>\n\t\t\t\t<\/div>\n\t\t\t\t<div class=\"elementor-element elementor-element-4185656 elementor-widget elementor-widget-image\" data-id=\"4185656\" data-element_type=\"widget\" data-e-type=\"widget\" data-widget_type=\"image.default\">\n\t\t\t\t\t\t\t\t\t\t\t\t\t\t\t<img fetchpriority=\"high\" decoding=\"async\" width=\"2560\" height=\"1708\" src=\"https:\/\/www.elstnerlaw.at\/wp-content\/uploads\/2025\/12\/Foto4-scaled.jpeg\" class=\"attachment-full size-full wp-image-22\" alt=\"\" srcset=\"https:\/\/www.elstnerlaw.at\/wp-content\/uploads\/2025\/12\/Foto4-scaled.jpeg 2560w, https:\/\/www.elstnerlaw.at\/wp-content\/uploads\/2025\/12\/Foto4-300x200.jpeg 300w, https:\/\/www.elstnerlaw.at\/wp-content\/uploads\/2025\/12\/Foto4-1024x683.jpeg 1024w, https:\/\/www.elstnerlaw.at\/wp-content\/uploads\/2025\/12\/Foto4-768x512.jpeg 768w, https:\/\/www.elstnerlaw.at\/wp-content\/uploads\/2025\/12\/Foto4-1536x1025.jpeg 1536w, https:\/\/www.elstnerlaw.at\/wp-content\/uploads\/2025\/12\/Foto4-2048x1366.jpeg 2048w\" sizes=\"(max-width: 2560px) 100vw, 2560px\" \/>\t\t\t\t\t\t\t\t\t\t\t\t\t\t\t<\/div>\n\t\t<div class=\"elementor-element elementor-element-c01f75f e-con-full e-flex e-con e-child\" data-id=\"c01f75f\" data-element_type=\"container\" data-e-type=\"container\">\n\t\t\t\t<div class=\"elementor-element elementor-element-5e5cb5d elementor-invisible elementor-widget elementor-widget-heading\" data-id=\"5e5cb5d\" data-element_type=\"widget\" data-e-type=\"widget\" data-settings=\"{&quot;_animation&quot;:&quot;fadeInUp&quot;,&quot;_animation_widescreen&quot;:&quot;fadeInDown&quot;}\" data-widget_type=\"heading.default\">\n\t\t\t\t\t<h2 class=\"elementor-heading-title elementor-size-default\">Education<\/h2>\t\t\t\t<\/div>\n\t\t\t\t<div class=\"elementor-element elementor-element-40a7c1b elementor-widget elementor-widget-timeline-widget-addon\" data-id=\"40a7c1b\" data-element_type=\"widget\" data-e-type=\"widget\" data-widget_type=\"timeline-widget-addon.default\">\n\t\t\t\t<div class=\"elementor-widget-container\">\n\t\t\t\t\t<!-- ========= Timeline Widget Addon For Elementor 1.6.18 ========= -->\n<div id=\"twae-wrapper-40a7c1b\" class=\"twae-vertical twae-wrapper  twae-both-sided\">   \n    <div class=\"twae-start\"><\/div>    \n    <div id=\"twea-timeline-40a7c1b\" class=\"twae-timeline\" ><!-- Start of Story Repeater Content --><div id=\"story-21d6930\" class=\"twae-story twae-repeater-item twae-story-right twae-story-no-icon\"><!-- Story Icon --><div class=\"twae-icon\"><i aria-hidden=\"true\" class=\"far fa-clock\"><\/i><\/div><!-- Story Arrow --><div class=\"twae-arrow\"><\/div><!-- Start of Story Content --><div class=\"twae-content\"><!-- Story Title --><div class=\"twae-title\">2015 - 2020<\/div><!-- Story Description --><div class=\"twae-description\"><p>Diploma programme in law at the University of Vienna<\/p><\/div><\/div><\/div><!-- Start of Story Repeater Content --><div id=\"story-eb48214\" class=\"twae-story twae-repeater-item twae-story-left twae-story-no-icon\"><!-- Story Icon --><div class=\"twae-icon\"><i aria-hidden=\"true\" class=\"far fa-clock\"><\/i><\/div><!-- Story Arrow --><div class=\"twae-arrow\"><\/div><!-- Start of Story Content --><div class=\"twae-content\"><!-- Story Title --><div class=\"twae-title\">10\/2024<\/div><!-- Story Description --><div class=\"twae-description\"><p>Bar exam, Higher Regional Court of Vienna<\/p><\/div><\/div><\/div><!-- Start of Story Repeater Content --><div id=\"story-28186c6\" class=\"twae-story twae-repeater-item twae-story-right twae-story-no-icon\"><!-- Story Icon --><div class=\"twae-icon\"><i aria-hidden=\"true\" class=\"far fa-clock\"><\/i><\/div><!-- Story Arrow --><div class=\"twae-arrow\"><\/div><!-- Start of Story Content --><div class=\"twae-content\"><!-- Story Title --><div class=\"twae-title\">12\/2025<\/div><!-- Story Description --><div class=\"twae-description\"><p>Sworn in as attorney-at-law<\/p><\/div><\/div><\/div><!-- Start of Story Repeater Content --><div id=\"story-bfd20a3\" class=\"twae-story twae-repeater-item twae-story-left twae-story-no-icon\"><!-- Story Icon --><div class=\"twae-icon\"><i aria-hidden=\"true\" class=\"far fa-clock\"><\/i><\/div><!-- Story Arrow --><div class=\"twae-arrow\"><\/div><!-- Start of Story Content --><div class=\"twae-content\"><!-- Story Title --><div class=\"twae-title\">since 10\/2024 <\/div><!-- Story Description --><div class=\"twae-description\"><p>Further education LLM International Legal Sciences at the University of Vienna<\/p><\/div><\/div><\/div><\/div>\n    <div class=\"twae-end\"><\/div>\n    <\/div><style type=\"text\/css\">@media (max-width: 1024px){ .twae-wrapper{--tw-ybx-size: 80px !important;}}@media (max-width: 767px){ .twae-wrapper{--tw-ybx-size: 80px !important}}<\/style>\t\t\t\t<\/div>\n\t\t\t\t<\/div>\n\t\t\t\t<\/div>\n\t\t\t\t<\/div>\n\t\t<div class=\"elementor-element elementor-element-5a98be4 e-con-full e-flex e-con e-child\" data-id=\"5a98be4\" data-element_type=\"container\" data-e-type=\"container\">\n\t\t\t\t<div class=\"elementor-element elementor-element-cb85a78 elementor-mobile-align-justify elementor-widget-mobile__width-inherit header-button animated-fast elementor-invisible elementor-widget elementor-widget-button\" data-id=\"cb85a78\" data-element_type=\"widget\" data-e-type=\"widget\" data-settings=\"{&quot;_animation&quot;:&quot;fadeIn&quot;}\" data-widget_type=\"button.default\">\n\t\t\t\t\t\t\t\t\t\t<a class=\"elementor-button elementor-button-link elementor-size-sm elementor-animation-grow\" href=\"https:\/\/www.elstnerlaw.at\/en\/contact-immediate-assistance\/\">\n\t\t\t\t\t\t<span class=\"elementor-button-content-wrapper\">\n\t\t\t\t\t\t<span class=\"elementor-button-icon\">\n\t\t\t\t<svg aria-hidden=\"true\" class=\"e-font-icon-svg e-fas-calendar-check\" viewbox=\"0 0 448 512\" xmlns=\"http:\/\/www.w3.org\/2000\/svg\"><path d=\"M436 160H12c-6.627 0-12-5.373-12-12v-36c0-26.51 21.49-48 48-48h48V12c0-6.627 5.373-12 12-12h40c6.627 0 12 5.373 12 12v52h128V12c0-6.627 5.373-12 12-12h40c6.627 0 12 5.373 12 12v52h48c26.51 0 48 21.49 48 48v36c0 6.627-5.373 12-12 12zM12 192h424c6.627 0 12 5.373 12 12v260c0 26.51-21.49 48-48 48H48c-26.51 0-48-21.49-48-48V204c0-6.627 5.373-12 12-12zm333.296 95.947l-28.169-28.398c-4.667-4.705-12.265-4.736-16.97-.068L194.12 364.665l-45.98-46.352c-4.667-4.705-12.266-4.736-16.971-.068l-28.397 28.17c-4.705 4.667-4.736 12.265-.068 16.97l82.601 83.269c4.667 4.705 12.265 4.736 16.97.068l142.953-141.805c4.705-4.667 4.736-12.265.068-16.97z\"><\/path><\/svg>\t\t\t<\/span>\n\t\t\t\t\t\t\t\t\t<span class=\"elementor-button-text\">Contact Now<\/span>\n\t\t\t\t\t<\/span>\n\t\t\t\t\t<\/a>\n\t\t\t\t\t\t\t\t<\/div>\n\t\t\t\t<\/div>\n\t\t\t\t<div class=\"elementor-element elementor-element-bd9e58c elementor-widget elementor-widget-image\" data-id=\"bd9e58c\" data-element_type=\"widget\" data-e-type=\"widget\" data-settings=\"{&quot;_animation_widescreen&quot;:&quot;fadeIn&quot;}\" data-widget_type=\"image.default\">\n\t\t\t\t\t\t\t\t\t\t\t\t\t\t\t<img decoding=\"async\" width=\"2560\" height=\"1708\" src=\"https:\/\/www.elstnerlaw.at\/wp-content\/uploads\/2025\/12\/Foto1-scaled.jpeg\" class=\"attachment-full size-full wp-image-19\" alt=\"\" srcset=\"https:\/\/www.elstnerlaw.at\/wp-content\/uploads\/2025\/12\/Foto1-scaled.jpeg 2560w, https:\/\/www.elstnerlaw.at\/wp-content\/uploads\/2025\/12\/Foto1-300x200.jpeg 300w, https:\/\/www.elstnerlaw.at\/wp-content\/uploads\/2025\/12\/Foto1-1024x683.jpeg 1024w, https:\/\/www.elstnerlaw.at\/wp-content\/uploads\/2025\/12\/Foto1-768x512.jpeg 768w, https:\/\/www.elstnerlaw.at\/wp-content\/uploads\/2025\/12\/Foto1-1536x1025.jpeg 1536w, https:\/\/www.elstnerlaw.at\/wp-content\/uploads\/2025\/12\/Foto1-2048x1366.jpeg 2048w\" sizes=\"(max-width: 2560px) 100vw, 2560px\" \/>\t\t\t\t\t\t\t\t\t\t\t\t\t\t\t<\/div>\n\t\t\t\t<\/div>\n\t\t<div class=\"elementor-element elementor-element-6dc0711 e-con-full e-grid e-con e-child\" data-id=\"6dc0711\" data-element_type=\"container\" data-e-type=\"container\" data-settings=\"{&quot;background_background&quot;:&quot;classic&quot;,&quot;animation_widescreen&quot;:&quot;fadeIn&quot;}\">\n\t\t<div class=\"elementor-element elementor-element-4deff30 e-con-full e-flex e-con e-child\" data-id=\"4deff30\" data-element_type=\"container\" data-e-type=\"container\">\n\t\t\t\t<div class=\"elementor-element elementor-element-0f2d2fd elementor-invisible elementor-widget elementor-widget-heading\" data-id=\"0f2d2fd\" data-element_type=\"widget\" data-e-type=\"widget\" data-settings=\"{&quot;_animation&quot;:&quot;fadeInUp&quot;,&quot;_animation_widescreen&quot;:&quot;fadeInDown&quot;}\" data-widget_type=\"heading.default\">\n\t\t\t\t\t<h2 class=\"elementor-heading-title elementor-size-default\">Publications<\/h2>\t\t\t\t<\/div>\n\t\t<div class=\"elementor-element elementor-element-0e9a643 e-con-full e-flex e-con e-child\" data-id=\"0e9a643\" data-element_type=\"container\" data-e-type=\"container\" data-settings=\"{&quot;background_background&quot;:&quot;classic&quot;,&quot;animation_widescreen&quot;:&quot;fadeIn&quot;}\">\n\t\t\t\t<div class=\"elementor-element elementor-element-bc0ff01 elementor-invisible elementor-widget elementor-widget-text-editor\" data-id=\"bc0ff01\" data-element_type=\"widget\" data-e-type=\"widget\" data-settings=\"{&quot;_animation&quot;:&quot;fadeIn&quot;,&quot;_animation_widescreen&quot;:&quot;fadeIn&quot;}\" data-widget_type=\"text-editor.default\">\n\t\t\t\t\t\t\t\t\t<p><em>Ruhmannseder\/Elstner, Chapter 3: Fundamentals of Third Party Compliance, in:<br \/><\/em> <a href=\"https:\/\/shop.manz.at\/shop\/products\/9783214253776\" target=\"_blank\" rel=\"noopener\">Ruhmannseder (ed.), Compliance in the Supply Chain (2024), MANZ Publishing House<\/a><\/p><p><em><br \/>Elstner, Chapter 12: Whistleblowing and Complaint Procedures in the Supply Chain, in: <br \/><\/em> <a href=\"https:\/\/shop.manz.at\/shop\/products\/9783214253776\" target=\"_blank\" rel=\"noopener\">Ruhmannseder (ed.), Compliance in the Supply Chain (2024), MANZ Publishing House<\/a><\/p><p><br \/>Wiesinger\/Ruhmannseder\/Elstner, Information from internal investigations in light of state investigative measures, in:<\/p><p><a href=\"https:\/\/shop.manz.at\/shop\/products\/9783214254575\" target=\"_blank\" rel=\"noopener\">Ruhmannseder (ed.), Internal Investigations (2024), MANZ Publishing House<\/a><\/p>\t\t\t\t\t\t\t\t<\/div>\n\t\t\t\t<\/div>\n\t\t\t\t<\/div>\n\t\t\t\t<\/div>\n\t\t<div class=\"elementor-element elementor-element-b7e2a06 e-con-full e-grid e-con e-child\" data-id=\"b7e2a06\" data-element_type=\"container\" data-e-type=\"container\" data-settings=\"{&quot;background_background&quot;:&quot;classic&quot;,&quot;animation_widescreen&quot;:&quot;fadeIn&quot;}\">\n\t\t<div class=\"elementor-element elementor-element-a681235 e-con-full e-flex e-con e-child\" data-id=\"a681235\" data-element_type=\"container\" data-e-type=\"container\">\n\t\t\t\t<div class=\"elementor-element elementor-element-ccd04db elementor-invisible elementor-widget elementor-widget-heading\" data-id=\"ccd04db\" data-element_type=\"widget\" data-e-type=\"widget\" data-settings=\"{&quot;_animation&quot;:&quot;fadeInUp&quot;,&quot;_animation_widescreen&quot;:&quot;fadeInDown&quot;}\" data-widget_type=\"heading.default\">\n\t\t\t\t\t<h2 class=\"elementor-heading-title elementor-size-default\">Memberships<\/h2>\t\t\t\t<\/div>\n\t\t<div class=\"elementor-element elementor-element-59eb486 e-con-full e-flex e-con e-child\" data-id=\"59eb486\" data-element_type=\"container\" data-e-type=\"container\" data-settings=\"{&quot;background_background&quot;:&quot;classic&quot;,&quot;animation_widescreen&quot;:&quot;fadeIn&quot;}\">\n\t\t\t\t<div class=\"elementor-element elementor-element-850d662 elementor-invisible elementor-widget elementor-widget-text-editor\" data-id=\"850d662\" data-element_type=\"widget\" data-e-type=\"widget\" data-settings=\"{&quot;_animation&quot;:&quot;fadeIn&quot;,&quot;_animation_widescreen&quot;:&quot;fadeIn&quot;}\" data-widget_type=\"text-editor.default\">\n\t\t\t\t\t\t\t\t\t<ul><li>Association of Austrian Criminal Defence Lawyers (V\u00d6StV)<\/li><li>Vienna Bar Association (RAK Vienna)<\/li><li>Alumni association \u201cJunge Rechtswissenschaft\u201d Juridicum<\/li><\/ul>\t\t\t\t\t\t\t\t<\/div>\n\t\t\t\t<\/div>\n\t\t\t\t<\/div>\n\t\t\t\t<\/div>\n\t\t\t\t<\/div>\n\t\t\t\t\t<\/div>\n\t\t\t\t<\/div>\n\t\t\t\t<\/div>","protected":false},"excerpt":{"rendered":"<p>Mag. Felix Elstner &#8211; Rechtsanwalt und Strafverteidiger Ich berate und vertrete Privatpersonen und Unternehmen in Situationen, in denen es auf rasche Entscheidungen, saubere Aktenarbeit und eine klare Linie ankommt. Durch meine T\u00e4tigkeit in renommierten Kanzleien und in der Justiz bin ich mit gerichtlichen Abl\u00e4ufen und prozessualen Anforderungen bestens vertraut. Ich arbeite schwerpunktm\u00e4\u00dfig in der Strafverteidigung [&hellip;]<\/p>","protected":false},"author":1,"featured_media":0,"parent":0,"menu_order":0,"comment_status":"closed","ping_status":"closed","template":"","meta":{"footnotes":""},"class_list":["post-366","page","type-page","status-publish","hentry"],"yoast_head":"<!-- This site is optimized with the Yoast SEO plugin v26.8 - https:\/\/yoast.com\/product\/yoast-seo-wordpress\/ -->\n<title>Mag. Felix Elstner | Rechtsanwalt &amp; Strafverteidiger in Wien<\/title>\n<meta name=\"description\" content=\"Profil und Erfahrung aus Kanzleien und Justiz. Schwerpunkte: Strafverteidigung, Zivilprozesse, Asyl\/Fremdenrecht, Medien- und Verwaltungsstrafrecht, Amtshaftung, Familienrecht.\" \/>\n<meta name=\"robots\" content=\"index, follow, max-snippet:-1, max-image-preview:large, max-video-preview:-1\" \/>\n<link rel=\"canonical\" href=\"https:\/\/www.elstnerlaw.at\/en\/about-me\/\" \/>\n<meta property=\"og:locale\" content=\"en_US\" \/>\n<meta property=\"og:type\" content=\"article\" \/>\n<meta property=\"og:title\" content=\"Mag. Felix Elstner | Rechtsanwalt &amp; Strafverteidiger in Wien\" \/>\n<meta property=\"og:description\" content=\"Profil und Erfahrung aus Kanzleien und Justiz. Schwerpunkte: Strafverteidigung, Zivilprozesse, Asyl\/Fremdenrecht, Medien- und Verwaltungsstrafrecht, Amtshaftung, Familienrecht.\" \/>\n<meta property=\"og:url\" content=\"https:\/\/www.elstnerlaw.at\/en\/about-me\/\" \/>\n<meta property=\"og:site_name\" content=\"Felix Elstner\" \/>\n<meta property=\"article:modified_time\" content=\"2026-01-06T10:27:45+00:00\" \/>\n<meta property=\"og:image\" content=\"https:\/\/www.elstnerlaw.at\/wp-content\/uploads\/2025\/12\/Foto4-scaled.jpeg\" \/>\n<meta name=\"twitter:card\" content=\"summary_large_image\" \/>\n<meta name=\"twitter:label1\" content=\"Est. reading time\" \/>\n\t<meta name=\"twitter:data1\" content=\"2 minutes\" \/>\n<script type=\"application\/ld+json\" class=\"yoast-schema-graph\">{\"@context\":\"https:\/\/schema.org\",\"@graph\":[{\"@type\":\"WebPage\",\"@id\":\"https:\/\/www.elstnerlaw.at\/ueber-mich\/\",\"url\":\"https:\/\/www.elstnerlaw.at\/ueber-mich\/\",\"name\":\"Mag. Felix Elstner | Rechtsanwalt & Strafverteidiger in Wien\",\"isPartOf\":{\"@id\":\"https:\/\/www.elstnerlaw.at\/#website\"},\"primaryImageOfPage\":{\"@id\":\"https:\/\/www.elstnerlaw.at\/ueber-mich\/#primaryimage\"},\"image\":{\"@id\":\"https:\/\/www.elstnerlaw.at\/ueber-mich\/#primaryimage\"},\"thumbnailUrl\":\"https:\/\/www.elstnerlaw.at\/wp-content\/uploads\/2025\/12\/Foto4-scaled.jpeg\",\"datePublished\":\"2025-12-21T13:37:24+00:00\",\"dateModified\":\"2026-01-06T10:27:45+00:00\",\"description\":\"Profil und Erfahrung aus Kanzleien und Justiz. Schwerpunkte: Strafverteidigung, Zivilprozesse, Asyl\/Fremdenrecht, Medien- und Verwaltungsstrafrecht, Amtshaftung, Familienrecht.\",\"breadcrumb\":{\"@id\":\"https:\/\/www.elstnerlaw.at\/ueber-mich\/#breadcrumb\"},\"inLanguage\":\"en-US\",\"potentialAction\":[{\"@type\":\"ReadAction\",\"target\":[\"https:\/\/www.elstnerlaw.at\/ueber-mich\/\"]}]},{\"@type\":\"ImageObject\",\"inLanguage\":\"en-US\",\"@id\":\"https:\/\/www.elstnerlaw.at\/ueber-mich\/#primaryimage\",\"url\":\"https:\/\/www.elstnerlaw.at\/wp-content\/uploads\/2025\/12\/Foto4-scaled.jpeg\",\"contentUrl\":\"https:\/\/www.elstnerlaw.at\/wp-content\/uploads\/2025\/12\/Foto4-scaled.jpeg\"},{\"@type\":\"BreadcrumbList\",\"@id\":\"https:\/\/www.elstnerlaw.at\/ueber-mich\/#breadcrumb\",\"itemListElement\":[{\"@type\":\"ListItem\",\"position\":1,\"name\":\"Start\",\"item\":\"https:\/\/www.elstnerlaw.at\/\"},{\"@type\":\"ListItem\",\"position\":2,\"name\":\"\u00dcber mich\"}]},{\"@type\":\"WebSite\",\"@id\":\"https:\/\/www.elstnerlaw.at\/#website\",\"url\":\"https:\/\/www.elstnerlaw.at\/\",\"name\":\"Felix Elstner\",\"description\":\"Rechtsanwalt\",\"potentialAction\":[{\"@type\":\"SearchAction\",\"target\":{\"@type\":\"EntryPoint\",\"urlTemplate\":\"https:\/\/www.elstnerlaw.at\/?s={search_term_string}\"},\"query-input\":{\"@type\":\"PropertyValueSpecification\",\"valueRequired\":true,\"valueName\":\"search_term_string\"}}],\"inLanguage\":\"en-US\"}]}<\/script>\n<!-- \/ Yoast SEO plugin. -->","yoast_head_json":{"title":"About Felix Elstner | Lawyer &amp; Criminal Defence (Vienna)","description":"Profile and experience from leading law firms and the judiciary. Practice areas include criminal defence, civil litigation, asylum &amp; immigration, media law, administrative penal law and more.","robots":{"index":"index","follow":"follow","max-snippet":"max-snippet:-1","max-image-preview":"max-image-preview:large","max-video-preview":"max-video-preview:-1"},"canonical":"https:\/\/www.elstnerlaw.at\/en\/about-me\/","og_locale":"en_US","og_type":"article","og_title":"Mag. Felix Elstner | Rechtsanwalt & Strafverteidiger in Wien","og_description":"Profil und Erfahrung aus Kanzleien und Justiz. Schwerpunkte: Strafverteidigung, Zivilprozesse, Asyl\/Fremdenrecht, Medien- und Verwaltungsstrafrecht, Amtshaftung, Familienrecht.","og_url":"https:\/\/www.elstnerlaw.at\/en\/about-me\/","og_site_name":"Felix Elstner","article_modified_time":"2026-01-06T10:27:45+00:00","og_image":[{"url":"https:\/\/www.elstnerlaw.at\/wp-content\/uploads\/2025\/12\/Foto4-scaled.jpeg","type":"","width":"","height":""}],"twitter_card":"summary_large_image","twitter_misc":{"Est. reading time":"2 minutes"},"schema":{"@context":"https:\/\/schema.org","@graph":[{"@type":"WebPage","@id":"https:\/\/www.elstnerlaw.at\/ueber-mich\/","url":"https:\/\/www.elstnerlaw.at\/ueber-mich\/","name":"About Felix Elstner | Lawyer &amp; Criminal Defence (Vienna)","isPartOf":{"@id":"https:\/\/www.elstnerlaw.at\/#website"},"primaryImageOfPage":{"@id":"https:\/\/www.elstnerlaw.at\/ueber-mich\/#primaryimage"},"image":{"@id":"https:\/\/www.elstnerlaw.at\/ueber-mich\/#primaryimage"},"thumbnailUrl":"https:\/\/www.elstnerlaw.at\/wp-content\/uploads\/2025\/12\/Foto4-scaled.jpeg","datePublished":"2025-12-21T13:37:24+00:00","dateModified":"2026-01-06T10:27:45+00:00","description":"Profile and experience from leading law firms and the judiciary. Practice areas include criminal defence, civil litigation, asylum &amp; immigration, media law, administrative penal law and more.","breadcrumb":{"@id":"https:\/\/www.elstnerlaw.at\/ueber-mich\/#breadcrumb"},"inLanguage":"en-US","potentialAction":[{"@type":"ReadAction","target":["https:\/\/www.elstnerlaw.at\/ueber-mich\/"]}]},{"@type":"ImageObject","inLanguage":"en-US","@id":"https:\/\/www.elstnerlaw.at\/ueber-mich\/#primaryimage","url":"https:\/\/www.elstnerlaw.at\/wp-content\/uploads\/2025\/12\/Foto4-scaled.jpeg","contentUrl":"https:\/\/www.elstnerlaw.at\/wp-content\/uploads\/2025\/12\/Foto4-scaled.jpeg"},{"@type":"BreadcrumbList","@id":"https:\/\/www.elstnerlaw.at\/ueber-mich\/#breadcrumb","itemListElement":[{"@type":"ListItem","position":1,"name":"Start","item":"https:\/\/www.elstnerlaw.at\/"},{"@type":"ListItem","position":2,"name":"\u00dcber mich"}]},{"@type":"WebSite","@id":"https:\/\/www.elstnerlaw.at\/#website","url":"https:\/\/www.elstnerlaw.at\/","name":"Felix Elstner","description":"Rechtsanwalt","potentialAction":[{"@type":"SearchAction","target":{"@type":"EntryPoint","urlTemplate":"https:\/\/www.elstnerlaw.at\/?s={search_term_string}"},"query-input":{"@type":"PropertyValueSpecification","valueRequired":true,"valueName":"search_term_string"}}],"inLanguage":"en-US"}]}},"_links":{"self":[{"href":"https:\/\/www.elstnerlaw.at\/en\/wp-json\/wp\/v2\/pages\/366","targetHints":{"allow":["GET"]}}],"collection":[{"href":"https:\/\/www.elstnerlaw.at\/en\/wp-json\/wp\/v2\/pages"}],"about":[{"href":"https:\/\/www.elstnerlaw.at\/en\/wp-json\/wp\/v2\/types\/page"}],"author":[{"embeddable":true,"href":"https:\/\/www.elstnerlaw.at\/en\/wp-json\/wp\/v2\/users\/1"}],"replies":[{"embeddable":true,"href":"https:\/\/www.elstnerlaw.at\/en\/wp-json\/wp\/v2\/comments?post=366"}],"version-history":[{"count":25,"href":"https:\/\/www.elstnerlaw.at\/en\/wp-json\/wp\/v2\/pages\/366\/revisions"}],"predecessor-version":[{"id":697,"href":"https:\/\/www.elstnerlaw.at\/en\/wp-json\/wp\/v2\/pages\/366\/revisions\/697"}],"wp:attachment":[{"href":"https:\/\/www.elstnerlaw.at\/en\/wp-json\/wp\/v2\/media?parent=366"}],"curies":[{"name":"wp","href":"https:\/\/api.w.org\/{rel}","templated":true}]}}